{"id":45,"date":"2023-05-02T09:00:32","date_gmt":"2023-05-02T07:00:32","guid":{"rendered":"http:\/\/themes.grandpixels.com\/muse\/?page_id=45"},"modified":"2025-12-06T19:57:02","modified_gmt":"2025-12-06T17:57:02","slug":"homepage","status":"publish","type":"page","link":"https:\/\/www.mouvementssurlaville.com\/fr\/","title":{"rendered":"Accueil"},"content":{"rendered":"\n<h4 class=\"wp-block-heading\">Festival de danse<\/h4>\n\n\n\n<p>Appel \u00e0 projet pour l&rsquo;\u00e9dition 2026 <\/p>\n\n\n\n<p><strong>Festival Mouvements sur la ville #18<\/strong><\/p>\n\n\n\n<p><strong>Appel \u00e0 candidature<\/strong><\/p>\n\n\n\n<p><strong>Festival pr\u00e9vu 1<sup>\u00e8re<\/sup> quinzaine de d\u00e9cembre 2026<\/strong><\/p>\n\n\n\n<p>Pour la 18 \u00e8me \u00e9dition de son festival, Mouvements sur la ville lance un appel \u00e0 candidatures aux compagnies de danse d\u00e9sireuses de pr\u00e9senter leur cr\u00e9ation. Mouvements sur la ville est n\u00e9 en 2009 de la volont\u00e9 de trois chor\u00e9graphes, H\u00e9l\u00e8ne Cathala, Yann Lheureux et Didier Th\u00e9ron autour du constat&nbsp;: \u00ab&nbsp;La danse, art de cr\u00e9ation et d\u2019invention, art du lien, \u00e9chappe sans cesse dans ses formes et sa rencontre avec les publics, aux seules activit\u00e9s d\u2019institutions chor\u00e9graphiques quelles qu\u2019elles soient, festival, saison danse, ou CCN.&nbsp;\u00bb<\/p>\n\n\n\n<p>Port\u00e9s par leurs convictions, les trois chor\u00e9graphes et leurs \u00e9quipes ont d\u00e9cid\u00e9 d\u2019ouvrir leurs studios, leurs espaces de travail aux compagnies d\u00e9sireuses de partager leur d\u00e9marche chor\u00e9graphique.<\/p>\n\n\n\n<p>Depuis le festival Mouvements sur la ville s\u2019est impos\u00e9 comme une alternative incontournable \u00e0 la diffusion de la danse sur notre territoire en proposant des \u0153uvres de qualit\u00e9, en soutenant la diversit\u00e9, et l\u2019exigence artistique dans un rapport diff\u00e9rent au spectacle, aux \u0153uvres et \u00e0 la danse&nbsp;: plus de proximit\u00e9 avec les publics et plus de simplicit\u00e9.<\/p>\n\n\n\n<p><strong>Cet appel \u00e0 projet est ouvert \u00e0 toutes les compagnies professionnelles de danse. Une attention toute particuli\u00e8re sera port\u00e9e aux compagnies \u00e9mergentes, et aux compagnies implant\u00e9es en Occitanie. Pour autant le choix des compagnies se fait sur l\u2019ensemble du territoire, incluant \u00e9galement quelques artistes internationaux.<\/strong><\/p>\n\n\n\n<p><strong>Date limite d\u2019envoi des candidatures&nbsp;: 28 f\u00e9vrier 2026<\/strong><\/p>\n\n\n\n<p><strong>Les conditions techniques de pr\u00e9sentations des \u0153uvres&nbsp;:<\/strong><\/p>\n\n\n\n<p>Les pi\u00e8ces chor\u00e9graphiques seront pr\u00e9sent\u00e9es dans des th\u00e9\u00e2tres, studios, m\u00e9diath\u00e8ques, dans l\u2019espace public, en int\u00e9rieur ou en ext\u00e9rieur.<\/p>\n\n\n\n<p>Attention <strong>la technique doit \u00eatre l\u00e9g\u00e8re.<\/strong> Une attention toute particuli\u00e8re sera port\u00e9e \u00e0 la faisabilit\u00e9 technique dans les lieux choisis et rep\u00e9r\u00e9s.<\/p>\n\n\n\n<p>Un technicien du festival est mis \u00e0 disposition des compagnies pour les montages d\u00e9montages, r\u00e9p\u00e9titions et filages.<\/p>\n\n\n\n<p><strong>La communication&nbsp;:<\/strong><\/p>\n\n\n\n<p>La communication du festival est prise en charge par les organisateurs&nbsp;: Conf\u00e9rence de presse, affichage, tractage, newsletter.<\/p>\n\n\n\n<p>Il est n\u00e9anmoins conseill\u00e9 aux compagnies de faire leur propre travail de communication et diffusion.<\/p>\n\n\n\n<p><strong>La r\u00e9mun\u00e9ration&nbsp;:<\/strong><\/p>\n\n\n\n<p>Une cession correspondant au tarif d\u2019un <strong>co\u00fbt plateau comprenant artistes et techniciens<\/strong> sur sc\u00e8ne au tarif minimum de la convention collective des entreprises artistiques et culturelles CCNEAC 1285, soit 260 \u20ac TCC par interpr\u00e8tes et techniciens (si pr\u00e9sence n\u00e9cessaire).<\/p>\n\n\n\n<p>Les repr\u00e9sentations sont pay\u00e9es sous forme de cession de spectacle. Le festival prend en charge les droits d\u2019auteur mais pas les droits voisins. Les artistes peuvent \u00e9galement \u00eatre r\u00e9mun\u00e9r\u00e9s en direct.<\/p>\n\n\n\n<p><strong>Le festival prend en charge les transports et h\u00e9bergements mais en fonction de la provenance des \u00e9quipes, ils peuvent \u00eatre pris en charge de mani\u00e8re forfaitaire<\/strong>. <strong>Concernant l\u2019h\u00e9bergement, nous prenons en charge des chambres chez l\u2019habitant ou des AIRBNB a prix raisonnables.<\/strong><\/p>\n\n\n\n<p><strong>Pour poser sa candidature&nbsp;:<\/strong><\/p>\n\n\n\n<ul>\n<li>Envoyer un dossier avec le r\u00e9sum\u00e9 du projet (5 lignes) \/ Dur\u00e9e de la pi\u00e8ce \/ Date de cr\u00e9ation \/ Interpr\u00e8tes \/ Soutiens institutionnels et coproductions.<\/li>\n\n\n\n<li>Joindre une fiche technique avec le contact technique.<\/li>\n\n\n\n<li>Lien vers une vid\u00e9o (You tube, Vim\u00e9o). Attention pas de Vid\u00e9o \u00e0 t\u00e9l\u00e9charger.<\/li>\n\n\n\n<li>CV du porteur du projet.<\/li>\n\n\n\n<li>Le type de lieu souhait\u00e9 (Studio, espace public\u2026)<\/li>\n<\/ul>\n\n\n\n<p>Envoyer votre candidature \u00e0 <a href=\"mailto:mouvsurlaville@gmail.com\">mouvsurlaville@gmail.com<\/a>, en pr\u00e9cisant dans l\u2019objet du mail \u00ab&nbsp;Candidature festival 2026&nbsp;\u00bb.<\/p>\n\n\n\n<p>Un mail confirmant la r\u00e9ception des candidatures vous sera envoy\u00e9 dans un d\u00e9lai d\u2019une semaine. En cas de non-r\u00e9ponse, pensez \u00e0 v\u00e9rifier vos spams.<\/p>\n\n\n\n<p>Les \u00e9quipes artistiques seront inform\u00e9es de la r\u00e9ponse \u00e0 leur candidature au plus tard fin mars 2026.<\/p>\n\n\n\n<h1 class=\"wp-block-heading\">MOUVEMENTS SUR LA VILLE<\/h1>\n\n\n\n<p>\u2728 <strong>Mouvements sur la ville #17 \u2013 \u00c9dition 2025<\/strong> \u2728<\/p>\n\n\n\n<p><br>Du <strong>3 au 16 d\u00e9cembre 2025<\/strong>, le festival revient pour sa 17\u1d49 \u00e9dition, juste avant les f\u00eates de fin d\u2019ann\u00e9e.<br>Une programmation pleine de surprises et d\u2019\u00e9motions vous attend pour r\u00e9chauffer l\u2019hiver et c\u00e9l\u00e9brer la danse sous toutes ses formes.<\/p>\n\n\n\n<p>\u2728 <strong>La programmation est en ligne !<\/strong><br>Les r\u00e9servations sont ouvertes, n\u2019attendez plus pour choisir vos spectacles :<\/p>\n\n\n\n<ul>\n<li>Scannez le QR code ci-dessous pour acc\u00e9der directement \u00e0 la billetterie,<\/li>\n\n\n\n<li>ou parcourez la programmation : chaque page de spectacle vous propose un lien pour r\u00e9server vos places.<\/li>\n<\/ul>\n\n\n\n<p>\ud83c\udfad On a h\u00e2te de vous retrouver !<\/p>\n\n\n\n<figure class=\"wp-block-image size-full\"><img decoding=\"async\" loading=\"lazy\" width=\"165\" height=\"165\" src=\"https:\/\/www.mouvementssurlaville.com\/wp-content\/uploads\/2025\/09\/QRCode.png\" alt=\"\" class=\"wp-image-4520\" srcset=\"https:\/\/www.mouvementssurlaville.com\/wp-content\/uploads\/2025\/09\/QRCode.png 165w, https:\/\/www.mouvementssurlaville.com\/wp-content\/uploads\/2025\/09\/QRCode-120x120.png 120w\" sizes=\"(max-width: 165px) 100vw, 165px\" \/><\/figure>\n\n\n\n<figure class=\"wp-block-image size-large is-resized\"><img decoding=\"async\" loading=\"lazy\" src=\"https:\/\/www.mouvementssurlaville.com\/wp-content\/uploads\/2025\/09\/20250917_MVTS-VILLE_2025_32-1180x1668.jpg\" alt=\"\" class=\"wp-image-4516\" width=\"320\" height=\"452\" srcset=\"https:\/\/www.mouvementssurlaville.com\/wp-content\/uploads\/2025\/09\/20250917_MVTS-VILLE_2025_32-1180x1668.jpg 1180w, https:\/\/www.mouvementssurlaville.com\/wp-content\/uploads\/2025\/09\/20250917_MVTS-VILLE_2025_32-750x1060.jpg 750w, https:\/\/www.mouvementssurlaville.com\/wp-content\/uploads\/2025\/09\/20250917_MVTS-VILLE_2025_32-120x170.jpg 120w, https:\/\/www.mouvementssurlaville.com\/wp-content\/uploads\/2025\/09\/20250917_MVTS-VILLE_2025_32-768x1086.jpg 768w, https:\/\/www.mouvementssurlaville.com\/wp-content\/uploads\/2025\/09\/20250917_MVTS-VILLE_2025_32-1086x1536.jpg 1086w, https:\/\/www.mouvementssurlaville.com\/wp-content\/uploads\/2025\/09\/20250917_MVTS-VILLE_2025_32-1448x2048.jpg 1448w, https:\/\/www.mouvementssurlaville.com\/wp-content\/uploads\/2025\/09\/20250917_MVTS-VILLE_2025_32-480x679.jpg 480w, https:\/\/www.mouvementssurlaville.com\/wp-content\/uploads\/2025\/09\/20250917_MVTS-VILLE_2025_32.jpg 1754w\" sizes=\"(max-width: 320px) 100vw, 320px\" \/><\/figure>\n\n\n\n<p><br><\/p>\n\n\n\n<p><\/p>\n\n\n\n<p><\/p>\n\n\n\n<p><\/p>\n\n\n\n<p><\/p>\n\n\n\n<p>&nbsp;<\/p>\n","protected":false},"excerpt":{"rendered":"<p>Festival de danse<\/p>\n<p>Appel \u00e0 projet pour l&rsquo;\u00e9dition 2026 <\/p>\n<p>Festival Mouvements sur la ville #18<\/p>\n<p>Appel \u00e0 candidature<\/p>\n<p>Festival pr\u00e9vu 1\u00e8re quinzaine de d\u00e9cembre 2026<\/p>\n<p>Pour la 18 \u00e8me \u00e9dition de son festival, Mouvements &#8230;<\/p>\n","protected":false},"author":1,"featured_media":4516,"parent":0,"menu_order":0,"comment_status":"open","ping_status":"closed","template":"template-home.php","meta":[],"aioseo_notices":[],"_links":{"self":[{"href":"https:\/\/www.mouvementssurlaville.com\/fr\/wp-json\/wp\/v2\/pages\/45"}],"collection":[{"href":"https:\/\/www.mouvementssurlaville.com\/fr\/wp-json\/wp\/v2\/pages"}],"about":[{"href":"https:\/\/www.mouvementssurlaville.com\/fr\/wp-json\/wp\/v2\/types\/page"}],"author":[{"embeddable":true,"href":"https:\/\/www.mouvementssurlaville.com\/fr\/wp-json\/wp\/v2\/users\/1"}],"replies":[{"embeddable":true,"href":"https:\/\/www.mouvementssurlaville.com\/fr\/wp-json\/wp\/v2\/comments?post=45"}],"version-history":[{"count":118,"href":"https:\/\/www.mouvementssurlaville.com\/fr\/wp-json\/wp\/v2\/pages\/45\/revisions"}],"predecessor-version":[{"id":4541,"href":"https:\/\/www.mouvementssurlaville.com\/fr\/wp-json\/wp\/v2\/pages\/45\/revisions\/4541"}],"wp:featuredmedia":[{"embeddable":true,"href":"https:\/\/www.mouvementssurlaville.com\/fr\/wp-json\/wp\/v2\/media\/4516"}],"wp:attachment":[{"href":"https:\/\/www.mouvementssurlaville.com\/fr\/wp-json\/wp\/v2\/media?parent=45"}],"curies":[{"name":"wp","href":"https:\/\/api.w.org\/{rel}","templated":true}]}}